{"id":3712,"date":"2023-01-25T12:40:52","date_gmt":"2023-01-25T12:40:52","guid":{"rendered":"http:\/\/lafundicio.net\/persona\/fundacio-joan-miro\/"},"modified":"2023-02-03T12:45:54","modified_gmt":"2023-02-03T12:45:54","slug":"fundacio-joan-miro","status":"publish","type":"persona","link":"https:\/\/lafundicio.net\/en\/persona\/fundacio-joan-miro\/","title":{"rendered":"Fundaci\u00f3 Joan Mir\u00f3"},"content":{"rendered":"\n<figure class=\"wp-block-image size-large\"><img loading=\"lazy\" decoding=\"async\" width=\"1024\" height=\"683\" src=\"https:\/\/lafundicio.net\/wp-content\/uploads\/2023\/02\/FundacioMiro-1024x683.jpg\" alt=\"\" class=\"wp-image-3709\" srcset=\"https:\/\/lafundicio.net\/wp-content\/uploads\/2023\/02\/FundacioMiro-1024x683.jpg 1024w, https:\/\/lafundicio.net\/wp-content\/uploads\/2023\/02\/FundacioMiro-300x200.jpg 300w, https:\/\/lafundicio.net\/wp-content\/uploads\/2023\/02\/FundacioMiro.jpg 1080w\" sizes=\"auto, (max-width: 1024px) 100vw, 1024px\" \/><\/figure>\n\n\n\n<p>La Fundaci\u00f3 Joan Mir\u00f3 fue creada por el propio artista con un fondo inicial constituido mayoritariamente por su colecci\u00f3n privada, con la voluntad de establecer en Barcelona un espacio mironiano de referencia internacional, impulsar la investigaci\u00f3n y los estudios sobre Mir\u00f3 y sobre arte contempor\u00e1neo y poner en valor su fondo. La Fundaci\u00f3 abri\u00f3 al p\u00fablico el 10 de junio de 1975 y, desde entonces, ha sido un espacio din\u00e1mico en que el arte de Joan Mir\u00f3 convive con la creaci\u00f3n art\u00edstica m\u00e1s contempor\u00e1nea.<\/p>\n","protected":false},"featured_media":3711,"template":"","categories":[],"class_list":["post-3712","persona","type-persona","status-publish","has-post-thumbnail","hentry"],"acf":[],"_links":{"self":[{"href":"https:\/\/lafundicio.net\/en\/wp-json\/wp\/v2\/persona\/3712","targetHints":{"allow":["GET"]}}],"collection":[{"href":"https:\/\/lafundicio.net\/en\/wp-json\/wp\/v2\/persona"}],"about":[{"href":"https:\/\/lafundicio.net\/en\/wp-json\/wp\/v2\/types\/persona"}],"wp:featuredmedia":[{"embeddable":true,"href":"https:\/\/lafundicio.net\/en\/wp-json\/wp\/v2\/media\/3711"}],"wp:attachment":[{"href":"https:\/\/lafundicio.net\/en\/wp-json\/wp\/v2\/media?parent=3712"}],"wp:term":[{"taxonomy":"category","embeddable":true,"href":"https:\/\/lafundicio.net\/en\/wp-json\/wp\/v2\/categories?post=3712"}],"curies":[{"name":"wp","href":"https:\/\/api.w.org\/{rel}","templated":true}]}}